{"id":512,"date":"2020-01-15T10:43:07","date_gmt":"2020-01-15T15:43:07","guid":{"rendered":"http:\/\/inspire555.ca\/?page_id=512"},"modified":"2021-05-10T11:05:02","modified_gmt":"2021-05-10T15:05:02","slug":"bibliotheque-archives-grandes-etapes","status":"publish","type":"page","link":"https:\/\/inspire555.ca\/fr\/bibliotheque-archives-grandes-etapes\/","title":{"rendered":"Les \u00e9tapes"},"content":{"rendered":"<div class=\"milestoneCalendar-wrapper\"><div class=\"milestone_item milestone_item_2782\"><div class=\"milestone_row cf\"><div class=\"milestone-col milestone-col-date\"><div class=\"ie-flexbox-fixer\"><div class=\"milestone-date-wrapper\"><div class=\"milestone-date-entry\"><span class='milestoneMonth'>Juin <\/span><span class='milestoneDay'>20 <\/span><span class='milestoneYear'>2022<\/span><\/div><\/div><\/div><\/div><div class=\"milestone-col milestone-col-details\"><div class=\"milestone-inner-col milestone-col-header\"><div class=\"milestone-header\"><h2 class=\"milestone-title\">La fondation d&rsquo;\u0100dis\u014dke est \u00e9tablie<\/h2><\/div><\/div><div class=\"milestone-inner-col milestone-description\"><div class=\"milestone-entry\"><p>L&rsquo;\u00e9quipe du projet \u0100dis\u014dke a c\u00e9l\u00e9br\u00e9 <a href=\"https:\/\/inspire555.ca\/fr\/updates\/la-fondation-dadisoke-est-etablie\/\">l\u2019\u00e9tablissement de la fondation d\u2019\u0100dis\u014dke<\/a>, la nouvelle installation partag\u00e9e de la Biblioth\u00e8que publique d\u2019Ottawa et de Biblioth\u00e8que et Archives Canada.<\/p>\n<\/div><\/div><\/div><\/div><\/div><div class=\"milestone_item milestone_item_2395\"><div class=\"milestone_row cf\"><div class=\"milestone-col milestone-col-date\"><div class=\"ie-flexbox-fixer\"><div class=\"milestone-date-wrapper\"><div class=\"milestone-date-entry\"><span class='milestoneMonth'>Oct <\/span><span class='milestoneDay'>27 <\/span><span class='milestoneYear'>2021<\/span><\/div><\/div><\/div><\/div><div class=\"milestone-col milestone-col-details\"><div class=\"milestone-inner-col milestone-col-header\"><div class=\"milestone-header\"><h2 class=\"milestone-title\">Financement approuv\u00e9 pour \u0100dis\u014dke par le Conseil de la Ville d&rsquo;Ottawa<\/h2><\/div><\/div><div class=\"milestone-inner-col milestone-description\"><div class=\"milestone-entry\"><p>Le Conseil de la Ville d\u2019Ottawa <a href=\"https:\/\/ottawa.ca\/fr\/nouvelles\/la-ville-approuve-un-nouveau-plan-officiel\">a approuv\u00e9 un financement suppl\u00e9mentaire<\/a> pour \u0100dis\u014dke, l\u2019installation partag\u00e9e de la Biblioth\u00e8que publique d\u2019Ottawa et de Biblioth\u00e8que et Archives Canada.<\/p>\n<\/div><\/div><\/div><\/div><\/div><div class=\"milestone_item milestone_item_2484\"><div class=\"milestone_row cf\"><div class=\"milestone-col milestone-col-date\"><div class=\"ie-flexbox-fixer\"><div class=\"milestone-date-wrapper\"><div class=\"milestone-date-entry\"><span class='milestoneMonth'>Mai <\/span><span class='milestoneDay'>02 <\/span><span class='milestoneYear'>2026<\/span><\/div><\/div><\/div><\/div><div class=\"milestone-col milestone-col-details\"><div class=\"milestone-inner-col milestone-col-header\"><div class=\"milestone-header\"><h2 class=\"milestone-title\">Le conseil d&rsquo;administration de la BPO approuve des fonds suppl\u00e9mentaires pour le \u0100dis\u014dke<\/h2><\/div><\/div><div class=\"milestone-inner-col milestone-description\"><div class=\"milestone-entry\"><p>Le conseil d&rsquo;administration de la BPO approuve un total de 16 millions de dollars provenant du fonds de r\u00e9serve de la biblioth\u00e8que pour \u0100dis\u014dke, recommande que le Conseil municipal d&rsquo;Ottawa approuve \u00e9galement ces fonds et fixe un objectif de collecte de fonds de 7 millions de dollars.<\/p>\n<\/div><\/div><\/div><\/div><\/div><div class=\"milestone_item milestone_item_2487\"><div class=\"milestone_row cf\"><div class=\"milestone-col milestone-col-date\"><div class=\"ie-flexbox-fixer\"><div class=\"milestone-date-wrapper\"><div class=\"milestone-date-entry\"><span class='milestoneMonth'>Oct <\/span><span class='milestoneDay'>19 <\/span><span class='milestoneYear'>2021<\/span><\/div><\/div><\/div><\/div><div class=\"milestone-col milestone-col-details\"><div class=\"milestone-inner-col milestone-col-header\"><div class=\"milestone-header\"><h2 class=\"milestone-title\">Le conseil d&rsquo;administration de la BPO approuve des fonds suppl\u00e9mentaires pour le \u0100dis\u014dke<\/h2><\/div><\/div><div class=\"milestone-inner-col milestone-description\"><div class=\"milestone-entry\"><p>Le conseil d&rsquo;administration de la BPO <a href=\"https:\/\/app05.ottawa.ca\/sirepub\/mtgviewer.aspx?meetid=8205&amp;doctype=SUMMARY\">approuve un total de 16 millions<\/a> de dollars provenant du fonds de r\u00e9serve de la biblioth\u00e8que pour \u0100dis\u014dke, recommande que le Conseil municipal d&rsquo;Ottawa approuve \u00e9galement ces fonds et fixe un objectif de collecte de fonds de 7 millions de dollars.<\/p>\n<\/div><\/div><\/div><\/div><\/div><div class=\"milestone_item milestone_item_2336\"><div class=\"milestone_row cf\"><div class=\"milestone-col milestone-col-date\"><div class=\"ie-flexbox-fixer\"><div class=\"milestone-date-wrapper\"><div class=\"milestone-date-entry\"><span class='milestoneMonth'>Ao\u00fbt <\/span><span class='milestoneDay'>05 <\/span><span class='milestoneYear'>2021<\/span><\/div><\/div><\/div><\/div><div class=\"milestone-col milestone-col-details\"><div class=\"milestone-inner-col milestone-col-header\"><div class=\"milestone-header\"><h2 class=\"milestone-title\">L\u2019installation partag\u00e9e a \u00e9t\u00e9 nomm\u00e9e \u0100dis\u014dke par la nation algonquine Anishinabe<\/h2><\/div><\/div><div class=\"milestone-inner-col milestone-description\"><div class=\"milestone-entry\"><p>\u0100dis\u014dke est un mot anishin\u0101bemowin qui fait r\u00e9f\u00e9rence \u00e0 l\u2019art du r\u00e9cit. Le nom a \u00e9t\u00e9 d\u00e9voil\u00e9 lors d&rsquo;un <a href=\"https:\/\/inspire555.ca\/fr\/updates\/la-nation-algonquine-anishinabeg-donne-lappellation-adisoke-a-linstallation-partagee-de-la-bibliotheque-publique-dottawa-et-de-bibliotheque-et-archives-canada\/\" rel=\"noopener\" target=\"_blank\">\u00e9v\u00e9nement<\/a> qui s\u2019est tenu l\u00e0 o\u00f9 l&rsquo;installation sera b\u00e2tie.<\/p>\n<\/div><\/div><\/div><\/div><\/div><div class=\"milestone_item milestone_item_2254\"><div class=\"milestone_row cf\"><div class=\"milestone-col milestone-col-date\"><div class=\"ie-flexbox-fixer\"><div class=\"milestone-date-wrapper\"><div class=\"milestone-date-entry\"><span class='milestoneMonth'>Mai <\/span><span class='milestoneDay'>17 <\/span><span class='milestoneYear'>2021<\/span><\/div><\/div><\/div><\/div><div class=\"milestone-col milestone-col-details\"><div class=\"milestone-inner-col milestone-col-header\"><div class=\"milestone-header\"><h2 class=\"milestone-title\">Publication des plans d\u00e9finitifs et \u00e9mission de l\u2019appel d\u2019offres principal pour la construction<\/h2><\/div><\/div><div class=\"milestone-inner-col milestone-description\"><div class=\"milestone-entry\"><p>La Ville d\u2019Ottawa a transmis aux entrepreneurs g\u00e9n\u00e9raux pr\u00e9s\u00e9lectionn\u00e9s <a href=\"https:\/\/inspire555.ca\/fr\/updates\/dessins-definitifs-et-emission-de-lappel-doffres-principal-pour-la-construction\/\" target=\"_blank\" rel=\"noopener\">l\u2019appel d\u2019offres principal<\/a> pour la construction de l\u2019installation partag\u00e9e de la Biblioth\u00e8que publique d\u2019Ottawa et de Biblioth\u00e8que et Archives Canada.<\/p>\n<\/div><\/div><\/div><\/div><\/div><div class=\"milestone_item milestone_item_2244\"><div class=\"milestone_row cf\"><div class=\"milestone-col milestone-col-date\"><div class=\"ie-flexbox-fixer\"><div class=\"milestone-date-wrapper\"><div class=\"milestone-date-entry\"><span class='milestoneMonth'>Avr <\/span><span class='milestoneDay'>22 <\/span><span class='milestoneYear'>2021<\/span><\/div><\/div><\/div><\/div><div class=\"milestone-col milestone-col-details\"><div class=\"milestone-inner-col milestone-col-header\"><div class=\"milestone-header\"><h2 class=\"milestone-title\">Approbation de la conception par la CCN<\/h2><\/div><\/div><div class=\"milestone-inner-col milestone-description\"><div class=\"milestone-entry\"><p><a href=\"https:\/\/ccn-ncc.gc.ca\/evenements\/seance-publique-virtuelle-du-conseil-dadmnistration-avril-2021\" target=\"_blank\" rel=\"noopener\">Le conseil d\u2019administration de la Commission de la capitale nationale (CCN)<\/a> a approuv\u00e9 les plans d\u00e9finitifs.<\/p>\n<\/div><\/div><\/div><\/div><\/div><div class=\"milestone_item milestone_item_2252\"><div class=\"milestone_row cf\"><div class=\"milestone-col milestone-col-date\"><div class=\"ie-flexbox-fixer\"><div class=\"milestone-date-wrapper\"><div class=\"milestone-date-entry\"><span class='milestoneMonth'>Avr <\/span><span class='milestoneDay'>13 <\/span><span class='milestoneYear'>2021<\/span><\/div><\/div><\/div><\/div><div class=\"milestone-col milestone-col-details\"><div class=\"milestone-inner-col milestone-col-header\"><div class=\"milestone-header\"><h2 class=\"milestone-title\">Approbation de la conception finale par le conseil d\u2019administration de la Biblioth\u00e8que publique d\u2019Ottawa<\/h2><\/div><\/div><div class=\"milestone-inner-col milestone-description\"><div class=\"milestone-entry\"><p>Le conseil d\u2019administration de la Biblioth\u00e8que publique d\u2019Ottawa <a href=\"https:\/\/app05.ottawa.ca\/sirepub\/mtgviewer.aspx?meetid=8199&amp;doctype=SUMMARY\" target=\"_blank\" rel=\"noopener\">a approuv\u00e9 la conception finale de l\u2019installation partag\u00e9e de la Biblioth\u00e8que publique d\u2019Ottawa et de Biblioth\u00e8que et Archives Canada<\/a> (lien en anglais seulement).<\/p>\n<\/div><\/div><\/div><\/div><\/div><div class=\"milestone_item milestone_item_2239\"><div class=\"milestone_row cf\"><div class=\"milestone-col milestone-col-date\"><div class=\"ie-flexbox-fixer\"><div class=\"milestone-date-wrapper\"><div class=\"milestone-date-entry\"><span class='milestoneMonth'>Nov <\/span><span class='milestoneDay'>30 <\/span><span class='milestoneYear'>2020<\/span><\/div><\/div><\/div><\/div><div class=\"milestone-col milestone-col-details\"><div class=\"milestone-inner-col milestone-col-header\"><div class=\"milestone-header\"><h2 class=\"milestone-title\">Financement permettant l\u2019am\u00e9nagement d\u2019une installation partag\u00e9e ayant une empreinte carbone nette z\u00e9ro<\/h2><\/div><\/div><div class=\"milestone-inner-col milestone-description\"><div class=\"milestone-entry\"><p>Dans son <a href=\"https:\/\/www.budget.gc.ca\/fes-eea\/2020\/home-accueil-fr.html\" target=\"_blank\" rel=\"noopener\">\u00c9nonc\u00e9 \u00e9conomique de l\u2019automne<\/a>, le gouvernement du Canada a annonc\u00e9 qu\u2019il accordera un financement pour soutenir les am\u00e9liorations en mati\u00e8re de durabilit\u00e9 et la carboneutralit\u00e9 des b\u00e2timents.<\/p>\n<\/div><\/div><\/div><\/div><\/div><div class=\"milestone_item milestone_item_2250\"><div class=\"milestone_row cf\"><div class=\"milestone-col milestone-col-date\"><div class=\"ie-flexbox-fixer\"><div class=\"milestone-date-wrapper\"><div class=\"milestone-date-entry\"><span class='milestoneMonth'>Oct <\/span><span class='milestoneDay'>08 <\/span><span class='milestoneYear'>2020<\/span><\/div><\/div><\/div><\/div><div class=\"milestone-col milestone-col-details\"><div class=\"milestone-inner-col milestone-col-header\"><div class=\"milestone-header\"><h2 class=\"milestone-title\">C\u00e9r\u00e9monie de b\u00e9n\u00e9diction et travaux pr\u00e9paratoires de la nouvelle installation<\/h2><\/div><\/div><div class=\"milestone-inner-col milestone-description\"><div class=\"milestone-entry\"><p>Des a\u00een\u00e9s de la Premi\u00e8re Nation algonquine de Pikwakanagan et de la Premi\u00e8re Nation Kitigan Zibi Anishinabeg ont anim\u00e9, quelques jours avant le d\u00e9but des travaux pr\u00e9paratoires, une <a href=\"https:\/\/inspire555.ca\/fr\/updates\/la-ceremonie-de-benediction-du-site-de-la-nouvelle-installation-partagee-marque-le-debut-des-travaux-preparatoires\/\" target=\"_blank\" rel=\"noopener\">c\u00e9r\u00e9monie de b\u00e9n\u00e9diction<\/a> du chantier, l\u00e0 o\u00f9 la nouvelle installation partag\u00e9e de la Biblioth\u00e8que publique d\u2019Ottawa et de Biblioth\u00e8que et Archives Canada sera situ\u00e9e.<\/p>\n<\/div><\/div><\/div><\/div><\/div><div class=\"milestone_item milestone_item_2237\"><div class=\"milestone_row cf\"><div class=\"milestone-col milestone-col-date\"><div class=\"ie-flexbox-fixer\"><div class=\"milestone-date-wrapper\"><div class=\"milestone-date-entry\"><span class='milestoneMonth'>Sep <\/span><span class='milestoneDay'>30 <\/span><span class='milestoneYear'>2020<\/span><\/div><\/div><\/div><\/div><div class=\"milestone-col milestone-col-details\"><div class=\"milestone-inner-col milestone-col-header\"><div class=\"milestone-header\"><h2 class=\"milestone-title\">Importantes activit\u00e9s favorisant la participation des Autochtones<\/h2><\/div><\/div><div class=\"milestone-inner-col milestone-description\"><div class=\"milestone-entry\"><p>En 2020, l\u2019\u00e9quipe de projet a planifi\u00e9 <a href=\"https:\/\/inspire555.ca\/fr\/participation-autochtone\/\" target=\"_blank\" rel=\"noopener\">des activit\u00e9s de mobilisation aupr\u00e8s de la collectivit\u00e9 autochtone<\/a> de la zone urbaine d\u2019Ottawa et aupr\u00e8s d\u2019organismes autochtones d\u2019envergure nationale, pour concevoir un espace accueillant, m\u00fbrement r\u00e9fl\u00e9chi et inclusif, pour tous les visiteurs repr\u00e9sentant les Premi\u00e8res Nations, les Inuits et les M\u00e9tis.<\/p>\n<\/div><\/div><\/div><\/div><\/div><div class=\"milestone_item milestone_item_2233\"><div class=\"milestone_row cf\"><div class=\"milestone-col milestone-col-date\"><div class=\"ie-flexbox-fixer\"><div class=\"milestone-date-wrapper\"><div class=\"milestone-date-entry\"><span class='milestoneMonth'>Ao\u00fbt <\/span><span class='milestoneDay'>13 <\/span><span class='milestoneYear'>2020<\/span><\/div><\/div><\/div><\/div><div class=\"milestone-col milestone-col-details\"><div class=\"milestone-inner-col milestone-col-header\"><div class=\"milestone-header\"><h2 class=\"milestone-title\">Annonce de la pr\u00e9s\u00e9lection des entrepreneurs g\u00e9n\u00e9raux<\/h2><\/div><\/div><div class=\"milestone-inner-col milestone-description\"><div class=\"milestone-entry\"><p><a href=\"https:\/\/inspire555.ca\/fr\/updates\/la-ville-publie-la-liste-des-entrepreneurs-generaux-preselectionnes-pour-la-construction-de-linstallation-partagee-de-la-bibliotheque-publique-dottawa-et-de-bibliotheque-et-archives\/\" rel=\"noopener\" target=\"_blank\">Pr\u00e9s\u00e9lection des entrepreneurs g\u00e9n\u00e9raux pour la construction de l\u2019installation partag\u00e9e de la Biblioth\u00e8que publique d\u2019Ottawa et de Biblioth\u00e8que et Archives Canada<\/a>. Le processus de surveillance a \u00e9t\u00e9 confi\u00e9 \u00e0 un commissaire \u00e0 l\u2019\u00e9quit\u00e9 \u00e0 qui la Ville d\u2019Ottawa a fait appel afin d\u2019assurer un processus ouvert et transparent.<\/p>\n<\/div><\/div><\/div><\/div><\/div><div class=\"milestone_item milestone_item_1670\"><div class=\"milestone_row cf\"><div class=\"milestone-col milestone-col-date\"><div class=\"ie-flexbox-fixer\"><div class=\"milestone-date-wrapper\"><div class=\"milestone-date-entry\"><span class='milestoneMonth'>Juin <\/span><span class='milestoneDay'>15 <\/span><span class='milestoneYear'>2020<\/span><\/div><\/div><\/div><\/div><div class=\"milestone-col milestone-col-details\"><div class=\"milestone-inner-col milestone-col-header\"><div class=\"milestone-header\"><h2 class=\"milestone-title\">DDQ visant la pr\u00e9s\u00e9lection d\u2019entrepreneurs g\u00e9n\u00e9raux pour la construction<\/h2><\/div><\/div><div class=\"milestone-inner-col milestone-description\"><div class=\"milestone-entry\"><p>Les Services de l\u2019approvisionnement de la Ville d\u2019Ottawa ont publi\u00e9 une\u00a0<a class=\"ext absolute-url\" href=\"https:\/\/www.merx.com\/cityofottawa\/solicitations\/open-bids\/PIED-IS-CLPB-OPL-LAC-Joint-Facility\/0000177915?language=FR\" target=\"_blank\" rel=\"nofollow noopener noreferrer\">demande de qualification<span class=\"ext\"><span class=\"element-invisible\">(lien externe)<\/span><\/span><\/a> (DDQ) en vue de pr\u00e9s\u00e9lectionner des entrepreneurs g\u00e9n\u00e9raux pour la construction de l\u2019installation partag\u00e9e de la BPO-BAC<\/p>\n<\/div><\/div><\/div><\/div><\/div><div class=\"milestone_item milestone_item_1668\"><div class=\"milestone_row cf\"><div class=\"milestone-col milestone-col-date\"><div class=\"ie-flexbox-fixer\"><div class=\"milestone-date-wrapper\"><div class=\"milestone-date-entry\"><span class='milestoneMonth'>Jan <\/span><span class='milestoneDay'>23 <\/span><span class='milestoneYear'>2020<\/span><\/div><\/div><\/div><\/div><div class=\"milestone-col milestone-col-details\"><div class=\"milestone-inner-col milestone-col-header\"><div class=\"milestone-header\"><h2 class=\"milestone-title\">D\u00e9voilement de la conception de l\u2019installation partag\u00e9e BPO-BAC<\/h2><\/div><\/div><div class=\"milestone-inner-col milestone-description\"><div class=\"milestone-entry\"><p><a href=\"https:\/\/ottawa.ca\/fr\/nouvelles\/devoilement-de-la-conception-de-linstallation-partagee-de-la-bibliotheque-publique-dottawa-et-de-bibliotheque-et-archives-canada\" target=\"_blank\" rel=\"noopener noreferrer\">Une \u00e9v\u00e9nement d&rsquo;aujourd&rsquo;hui pour d\u00e9voil\u00e9 la conception architecturale<\/a> propos\u00e9e pour l&rsquo;installation partag\u00e9e de la Biblioth\u00e8que publique d\u2019Ottawa et de Biblioth\u00e8que et Archives Canada.<\/p>\n<\/div><\/div><\/div><\/div><\/div><div class=\"milestone_item milestone_item_1672\"><div class=\"milestone_row cf\"><div class=\"milestone-col milestone-col-date\"><div class=\"ie-flexbox-fixer\"><div class=\"milestone-date-wrapper\"><div class=\"milestone-date-entry\"><span class='milestoneMonth'>Oct <\/span><span class='milestoneDay'>30 <\/span><span class='milestoneYear'>2019<\/span><\/div><\/div><\/div><\/div><div class=\"milestone-col milestone-col-details\"><div class=\"milestone-inner-col milestone-col-header\"><div class=\"milestone-header\"><h2 class=\"milestone-title\">Derniers ateliers: Inspirez les caract\u00e9ristiques embl\u00e9matiques et les touches finales<\/h2><\/div><\/div><div class=\"milestone-inner-col milestone-description\"><div class=\"milestone-entry\"><p><a href=\"https:\/\/ottawa.ca\/fr\/nouvelles\/derniers-ateliers-inspirez-les-caracteristiques-emblematiques-et-les-touches-finales-de-la-nouvelle-installation-partagee-de-bibliotheque-et-archives-canada-et-de-la-bibliotheque-publique-dottawa\" target=\"_blank\" rel=\"noopener noreferrer\">Dans le cadre de cet atelier, les participants seront invit\u00e9s \u00e0 faire entendre leurs id\u00e9es<\/a> concernant les caract\u00e9ristiques embl\u00e9matiques et les touches finales, notamment les choix de mat\u00e9riaux de construction pour l\u2019int\u00e9rieur et l&rsquo;ext\u00e9rieur de l\u2019installation et les fa\u00e7ons dont cette derni\u00e8re peut devenir une destination inclusive pour tous.<\/p>\n<\/div><\/div><\/div><\/div><\/div><div class=\"milestone_item milestone_item_1665\"><div class=\"milestone_row cf\"><div class=\"milestone-col milestone-col-date\"><div class=\"ie-flexbox-fixer\"><div class=\"milestone-date-wrapper\"><div class=\"milestone-date-entry\"><span class='milestoneMonth'>Ao\u00fbt <\/span><span class='milestoneDay'>21 <\/span><span class='milestoneYear'>2019<\/span><\/div><\/div><\/div><\/div><div class=\"milestone-col milestone-col-details\"><div class=\"milestone-inner-col milestone-col-header\"><div class=\"milestone-header\"><h2 class=\"milestone-title\">Ateliers sur l\u2019art public et le paysage<\/h2><\/div><\/div><div class=\"milestone-inner-col milestone-description\"><div class=\"milestone-entry\"><p><a href=\"https:\/\/ottawa.ca\/fr\/nouvelles\/ateliers-sur-lart-public-et-le-paysage-pour-la-nouvelle-installation-partagee-de-la-bibliotheque-publique-dottawa-et-de-bibliotheque-et-archives-canada\" target=\"_blank\" rel=\"noopener noreferrer\">Ateliers sur la conception portant sur <\/a><em>l\u2019art public et le paysage,\u00a0<\/em>et plus particuli\u00e8rement sur la durabilit\u00e9 pour la nouvelle installation partag\u00e9e de la Biblioth\u00e8que publique d\u2019Ottawa (BPO) et de Biblioth\u00e8que et Archives Canada (BAC).<\/p>\n<\/div><\/div><\/div><\/div><\/div><div class=\"milestone_item milestone_item_607\"><div class=\"milestone_row cf\"><div class=\"milestone-col milestone-col-date\"><div class=\"ie-flexbox-fixer\"><div class=\"milestone-date-wrapper\"><div class=\"milestone-date-entry\"><span class='milestoneMonth'>Juil <\/span><span class='milestoneDay'>24 <\/span><span class='milestoneYear'>2019<\/span><\/div><\/div><\/div><\/div><div class=\"milestone-col milestone-col-details\"><div class=\"milestone-inner-col milestone-col-header\"><div class=\"milestone-header\"><h2 class=\"milestone-title\">Annonce de l&rsquo;artiste s\u00e9lectionn\u00e9 pour l&rsquo;installation partag\u00e9e BPO-BAC<\/h2><\/div><\/div><div class=\"milestone-inner-col milestone-description\"><div class=\"milestone-entry\"><p><a href=\"http:\/\/inspire555.ca\/fr\/updates\/equipe-choisie-en-vue-dassumer-le-role-d-artiste-de-lequipe-de-conception-pour-le-projet-dinstallation-partagee-de-la-bibliotheque-publique-do\/\" target=\"_blank\" rel=\"noopener noreferrer\">L\u2019\u00e9quipe britannique d\u2019artistes du Jason Bruges Studio a \u00e9t\u00e9 s\u00e9lectionn\u00e9e pour le r\u00f4le d\u2019\u00ab artiste de l\u2019\u00e9quipe de conception \u00bb<\/a>\u00a0de l&rsquo;installation partag\u00e9e BPO-BAC.<\/p>\n<\/div><\/div><\/div><\/div><\/div><div class=\"milestone_item milestone_item_613\"><div class=\"milestone_row cf\"><div class=\"milestone-col milestone-col-date\"><div class=\"ie-flexbox-fixer\"><div class=\"milestone-date-wrapper\"><div class=\"milestone-date-entry\"><span class='milestoneMonth'>F\u00e9v <\/span><span class='milestoneDay'>04 <\/span><span class='milestoneYear'>2019<\/span><\/div><\/div><\/div><\/div><div class=\"milestone-col milestone-col-details\"><div class=\"milestone-inner-col milestone-col-header\"><div class=\"milestone-header\"><h2 class=\"milestone-title\">Lancement du processus de consultation locale et nationale : Inspirez555<\/h2><\/div><\/div><div class=\"milestone-inner-col milestone-description\"><div class=\"milestone-entry\"><p><a href=\"http:\/\/inspire555.ca\/fr\/updates\/nous-vous-invitons-a-inspirer-la-reflexion-sur-la-conception-de-la-nouvelle-installation-partagee-de-la-bibliotheque-publique-dottawa-et-de-bibliotheque-et-archives-canada\/\" target=\"_blank\" rel=\"noopener noreferrer\">La s\u00e9rie de consultations\u00a0<em>Inspirez555<\/em><\/a> proposera des ateliers de conception, plusieurs \u00e9v\u00e9nements \u00e9ph\u00e9m\u00e8res, ainsi que des activit\u00e9s et consultations locales et nationales en ligne.<\/p>\n<\/div><\/div><\/div><\/div><\/div><div class=\"milestone_item milestone_item_820\"><div class=\"milestone_row cf\"><div class=\"milestone-col milestone-col-date\"><div class=\"ie-flexbox-fixer\"><div class=\"milestone-date-wrapper\"><div class=\"milestone-date-entry\"><span class='milestoneMonth'>D\u00e9c <\/span><span class='milestoneDay'>19 <\/span><span class='milestoneYear'>2018<\/span><\/div><\/div><\/div><\/div><div class=\"milestone-col milestone-col-details\"><div class=\"milestone-inner-col milestone-col-header\"><div class=\"milestone-header\"><h2 class=\"milestone-title\">Diamond Schmitt Architects et KWC Architects concevra l\u2019installation<\/h2><\/div><\/div><div class=\"milestone-inner-col milestone-description\"><div class=\"milestone-entry\"><p>L\u2019engagement du public sera un \u00e9l\u00e9ment essentiel du processus de conception, dirig\u00e9 par Diamond Schmitt Architects et KWC Architects.<\/p>\n<\/div><\/div><\/div><\/div><\/div><div class=\"milestone_item milestone_item_821\"><div class=\"milestone_row cf\"><div class=\"milestone-col milestone-col-date\"><div class=\"ie-flexbox-fixer\"><div class=\"milestone-date-wrapper\"><div class=\"milestone-date-entry\"><span class='milestoneMonth'>Nov <\/span><span class='milestoneDay'>15 <\/span><span class='milestoneYear'>2018<\/span><\/div><\/div><\/div><\/div><div class=\"milestone-col milestone-col-details\"><div class=\"milestone-inner-col milestone-col-header\"><div class=\"milestone-header\"><h2 class=\"milestone-title\">Recommandation d\u2019un soumissionnaire pr\u00e9f\u00e9r\u00e9 pour la conception de l&rsquo;installation<\/h2><\/div><\/div><div class=\"milestone-inner-col milestone-description\"><div class=\"milestone-entry\"><p>Le comit\u00e9 d\u2019\u00e9valuation <a href=\"https:\/\/ottawa.ca\/fr\/nouvelles\/recommandation-dun-soumissionnaire-prefere-pour-la-conception-de-la-nouvelle-bibliotheque-centrale\" target=\"_blank\" rel=\"noopener noreferrer\">recommande<\/a> d\u2019amorcer des n\u00e9gociations avec le consortium de Diamond Schmitt Architects et KWC Architects pour la conception de l\u2019installation.<\/p>\n<\/div><\/div><\/div><\/div><\/div><div class=\"milestone_item milestone_item_823\"><div class=\"milestone_row cf\"><div class=\"milestone-col milestone-col-date\"><div class=\"ie-flexbox-fixer\"><div class=\"milestone-date-wrapper\"><div class=\"milestone-date-entry\"><span class='milestoneMonth'>Juil <\/span><span class='milestoneDay'>16 <\/span><span class='milestoneYear'>2018<\/span><\/div><\/div><\/div><\/div><div class=\"milestone-col milestone-col-details\"><div class=\"milestone-inner-col milestone-col-header\"><div class=\"milestone-header\"><h2 class=\"milestone-title\">L\u2019emplacement futur de l&rsquo;installation sera une destination locale et nationale<\/h2><\/div><\/div><div class=\"milestone-inner-col milestone-description\"><div class=\"milestone-entry\"><p>Le maire Jim Watson et l\u2019honorable Catherine McKenna, ministre de l\u2019Environnement et du Changement climatique, pr\u00e9sente au nom de l\u2019honorable M\u00e9lanie Joly, ministre du Patrimoine canadien, ainsi que le conseiller Tim Tierney, pr\u00e9sident du conseil d\u2019administration de la Biblioth\u00e8que publique d\u2019Ottawa, ont\u00a0officialis\u00e9\u00a0le futur si\u00e8ge de l\u2019installation.<\/p>\n<\/div><\/div><\/div><\/div><\/div><div class=\"milestone_item milestone_item_824\"><div class=\"milestone_row cf\"><div class=\"milestone-col milestone-col-date\"><div class=\"ie-flexbox-fixer\"><div class=\"milestone-date-wrapper\"><div class=\"milestone-date-entry\"><span class='milestoneMonth'>Juin <\/span><span class='milestoneDay'>13 <\/span><span class='milestoneYear'>2018<\/span><\/div><\/div><\/div><\/div><div class=\"milestone-col milestone-col-details\"><div class=\"milestone-inner-col milestone-col-header\"><div class=\"milestone-header\"><h2 class=\"milestone-title\">Le Conseil municipal approuve le plan de mise en \u0153uvre<\/h2><\/div><\/div><div class=\"milestone-inner-col milestone-description\"><div class=\"milestone-entry\"><p>Le Conseil municipal approuve\u00a0<a href=\"http:\/\/app05.ottawa.ca\/sirepub\/cache\/2\/3wjzfh4vu0bmk5llzsm5h2jy\/735612132018110840601.htm\" target=\"_blank\" rel=\"noopener noreferrer\">le plan de mise en \u0153uvre<\/a>\u00a0pour la nouvelle installation, et annonce qu\u2019il investira 104,2 millions de dollars dans le projet, et 18,1 millions de dollars pour la construction d\u2019un garage de stationnement de 200 places.<\/p>\n<\/div><\/div><\/div><\/div><\/div><div class=\"milestone_item milestone_item_2494\"><div class=\"milestone_row cf\"><div class=\"milestone-col milestone-col-date\"><div class=\"ie-flexbox-fixer\"><div class=\"milestone-date-wrapper\"><div class=\"milestone-date-entry\"><span class='milestoneMonth'>Juin <\/span><span class='milestoneDay'>04 <\/span><span class='milestoneYear'>2018<\/span><\/div><\/div><\/div><\/div><div class=\"milestone-col milestone-col-details\"><div class=\"milestone-inner-col milestone-col-header\"><div class=\"milestone-header\"><h2 class=\"milestone-title\">Le conseil d&rsquo;administration de la BPO re\u00e7oit le plan de mise en \u0153uvre pour l\u2019installation partag\u00e9e et la strat\u00e9gie de financement<\/h2><\/div><\/div><div class=\"milestone-inner-col milestone-description\"><div class=\"milestone-entry\"><p>Le conseil d&rsquo;administration de la BPO <a href=\"http:\/\/app05.ottawa.ca\/sirepub\/mtgviewer.aspx?meetid=7462&amp;doctype=SUMMARY\">re\u00e7oit<\/a> le plan de mise en \u0153uvre de l\u2019installation partag\u00e9e et la strat\u00e9gie de financement, y compris une contribution d&rsquo;un million de dollars provenant du fonds de r\u00e9serve de la biblioth\u00e8que et la vente du b\u00e2timent actuel de la succursale principale.<\/p>\n<\/div><\/div><\/div><\/div><\/div><div class=\"milestone_item milestone_item_825\"><div class=\"milestone_row cf\"><div class=\"milestone-col milestone-col-date\"><div class=\"ie-flexbox-fixer\"><div class=\"milestone-date-wrapper\"><div class=\"milestone-date-entry\"><span class='milestoneMonth'>Mai <\/span><span class='milestoneDay'>29 <\/span><span class='milestoneYear'>2018<\/span><\/div><\/div><\/div><\/div><div class=\"milestone-col milestone-col-details\"><div class=\"milestone-inner-col milestone-col-header\"><div class=\"milestone-header\"><h2 class=\"milestone-title\">Lancement de la demande de propositions pour l\u2019obtention de services de conception professionnels<\/h2><\/div><\/div><div class=\"milestone-inner-col milestone-description\"><div class=\"milestone-entry\"><p>La Ville d\u2019Ottawa \u00e9met une demande de qualification pour la conception de l\u2019installation.<\/p>\n<\/div><\/div><\/div><\/div><\/div><div class=\"milestone_item milestone_item_826\"><div class=\"milestone_row cf\"><div class=\"milestone-col milestone-col-date\"><div class=\"ie-flexbox-fixer\"><div class=\"milestone-date-wrapper\"><div class=\"milestone-date-entry\"><span class='milestoneMonth'>Avr <\/span><span class='milestoneDay'>17 <\/span><span class='milestoneYear'>2018<\/span><\/div><\/div><\/div><\/div><div class=\"milestone-col milestone-col-details\"><div class=\"milestone-inner-col milestone-col-header\"><div class=\"milestone-header\"><h2 class=\"milestone-title\">La Ville annonce les cinq \u00e9quipes finalistes pour la conception de l&rsquo;installation<\/h2><\/div><\/div><div class=\"milestone-inner-col milestone-description\"><div class=\"milestone-entry\"><p>La Ville re\u00e7oit 33 soumissions et dresse la\u00a0liste des cinq \u00e9quipes candidates s\u00e9lectionn\u00e9es\u00a0pour participer \u00e0 la demande de propositions de conception de l\u2019installation.<\/p>\n<\/div><\/div><\/div><\/div><\/div><div class=\"milestone_item milestone_item_827\"><div class=\"milestone_row cf\"><div class=\"milestone-col milestone-col-date\"><div class=\"ie-flexbox-fixer\"><div class=\"milestone-date-wrapper\"><div class=\"milestone-date-entry\"><span class='milestoneMonth'>F\u00e9v <\/span><span class='milestoneDay'>27 <\/span><span class='milestoneYear'>2018<\/span><\/div><\/div><\/div><\/div><div class=\"milestone-col milestone-col-details\"><div class=\"milestone-inner-col milestone-col-header\"><div class=\"milestone-header\"><h2 class=\"milestone-title\">Le budget de 2018 du Gouvernement du Canada propose du financement pour l&rsquo;installation partag\u00e9e<\/h2><\/div><\/div><div class=\"milestone-inner-col milestone-description\"><div class=\"milestone-entry\"><p>Le gouvernement du Canada contribuera 73,3 millions de dollars \u00e0 la construction de l&rsquo;installation partag\u00e9e<\/p>\n<\/div><\/div><\/div><\/div><\/div><div class=\"milestone_item milestone_item_828\"><div class=\"milestone_row cf\"><div class=\"milestone-col milestone-col-date\"><div class=\"ie-flexbox-fixer\"><div class=\"milestone-date-wrapper\"><div class=\"milestone-date-entry\"><span class='milestoneMonth'>Mai <\/span><span class='milestoneDay'>19 <\/span><span class='milestoneYear'>2017<\/span><\/div><\/div><\/div><\/div><div class=\"milestone-col milestone-col-details\"><div class=\"milestone-inner-col milestone-col-header\"><div class=\"milestone-header\"><h2 class=\"milestone-title\">Diffusion de l&rsquo;appel de candidatures pour services de conception<\/h2><\/div><\/div><div class=\"milestone-inner-col milestone-description\"><div class=\"milestone-entry\"><p>La Ville d\u2019Ottawa lance un\u00a0<a href=\"http:\/\/inspire555.ca\/fr\/updates\/la-ville-lance-une-demande-de-qualifications-pour-la-conception-de-la-nouvelle-bibliotheque-centrale-dottawa\/\" target=\"_blank\" rel=\"noopener noreferrer\">appel de candidatures<\/a>\u00a0pour la conception de l\u2019installation.<\/p>\n<\/div><\/div><\/div><\/div><\/div><div class=\"milestone_item milestone_item_829\"><div class=\"milestone_row cf\"><div class=\"milestone-col milestone-col-date\"><div class=\"ie-flexbox-fixer\"><div class=\"milestone-date-wrapper\"><div class=\"milestone-date-entry\"><span class='milestoneMonth'>F\u00e9v <\/span><span class='milestoneDay'>08 <\/span><span class='milestoneYear'>2017<\/span><\/div><\/div><\/div><\/div><div class=\"milestone-col milestone-col-details\"><div class=\"milestone-inner-col milestone-col-header\"><div class=\"milestone-header\"><h2 class=\"milestone-title\">L\u2019approbation du Conseil pour la construction de l&rsquo;installation<\/h2><\/div><\/div><div class=\"milestone-inner-col milestone-description\"><div class=\"milestone-entry\"><p>Le Conseil municipal\u00a0<a href=\"https:\/\/ottawa.ca\/fr\/nouvelles\/lemplacement-de-la-nouvelle-bibliotheque-centrale-dottawa-approuve-en-principe-par-le\" target=\"_blank\" rel=\"noopener noreferrer\">approuve en principe<\/a>\u00a0l\u2019emplacement de 216 000 pieds carr\u00e9s pour le nouvel \u00e9difice partag\u00e9e avec Biblioth\u00e8que et Archives Canada au 557, rue Wellington.<\/p>\n<\/div><\/div><\/div><\/div><\/div><div class=\"milestone_item milestone_item_2492\"><div class=\"milestone_row cf\"><div class=\"milestone-col milestone-col-date\"><div class=\"ie-flexbox-fixer\"><div class=\"milestone-date-wrapper\"><div class=\"milestone-date-entry\"><span class='milestoneMonth'>Jan <\/span><span class='milestoneDay'>31 <\/span><span class='milestoneYear'>2017<\/span><\/div><\/div><\/div><\/div><div class=\"milestone-col milestone-col-details\"><div class=\"milestone-inner-col milestone-col-header\"><div class=\"milestone-header\"><h2 class=\"milestone-title\">Le conseil d&rsquo;administration de la BPO approuve le partenariat avec BAC pour une nouvelle installation commune<\/h2><\/div><\/div><div class=\"milestone-inner-col milestone-description\"><div class=\"milestone-entry\"><p>Le conseil d&rsquo;administration de la LPO <a href=\"http:\/\/app05.ottawa.ca\/sirepub\/mtgviewer.aspx?meetid=7065&amp;doctype=SUMMARY\">approuve le partenariat<\/a> avec BAC pour la construction d&rsquo;une nouvelle installation commune et fait une s\u00e9rie de recommandations au Conseil municipal d&rsquo;Ottawa sur l&#8217;emplacement, la taille et l&rsquo;option de financement.<\/p>\n<\/div><\/div><\/div><\/div><\/div><div class=\"milestone_item milestone_item_830\"><div class=\"milestone_row cf\"><div class=\"milestone-col milestone-col-date\"><div class=\"ie-flexbox-fixer\"><div class=\"milestone-date-wrapper\"><div class=\"milestone-date-entry\"><span class='milestoneMonth'>Juil <\/span><span class='milestoneDay'>12 <\/span><span class='milestoneYear'>2016<\/span><\/div><\/div><\/div><\/div><div class=\"milestone-col milestone-col-details\"><div class=\"milestone-inner-col milestone-col-header\"><div class=\"milestone-header\"><h2 class=\"milestone-title\">Crit\u00e8res d\u2019\u00e9valuation des emplacements approuv\u00e9es<\/h2><\/div><\/div><div class=\"milestone-inner-col milestone-description\"><div class=\"milestone-entry\"><p>Le conseil d\u2019administration de la Biblioth\u00e8que publique d\u2019Ottawa approuve les\u00a0<a href=\"http:\/\/inspire555.ca\/wp-content\/uploads\/2020\/01\/Synthese-des-criteres-devaluation-prealable.pdf\" target=\"_blank\" rel=\"noopener noreferrer\">crit\u00e8res d\u2019\u00e9valuation des emplacements<\/a>\u00a0pour la construction de l\u2019installation partag\u00e9e et nouvelle Biblioth\u00e8que centrale.<\/p>\n<\/div><\/div><\/div><\/div><\/div><div class=\"milestone_item milestone_item_831\"><div class=\"milestone_row cf\"><div class=\"milestone-col milestone-col-date\"><div class=\"ie-flexbox-fixer\"><div class=\"milestone-date-wrapper\"><div class=\"milestone-date-entry\"><span class='milestoneMonth'>Juin <\/span><span class='milestoneDay'>15 <\/span><span class='milestoneYear'>2016<\/span><\/div><\/div><\/div><\/div><div class=\"milestone-col milestone-col-details\"><div class=\"milestone-inner-col milestone-col-header\"><div class=\"milestone-header\"><h2 class=\"milestone-title\">Biblioth\u00e8que publique d\u2019Ottawa recueille l\u2019opinion du public sur les espaces et les utilisations de la Biblioth\u00e8que centrale<\/h2><\/div><\/div><div class=\"milestone-inner-col milestone-description\"><div class=\"milestone-entry\"><p>En juin 2016, la population \u00e9tait invit\u00e9e \u00e0 donner son opinion sur les espaces et les services que proposera la nouvelle et embl\u00e9matique Biblioth\u00e8que centrale d\u2019Ottawa. Deux s\u00e9ances ont eu lieu \u00e0 l\u2019h\u00f4tel de ville d\u2019Ottawa et dans les locaux de Biblioth\u00e8que et Archives Canada.<\/p>\n<\/div><\/div><\/div><\/div><\/div><div class=\"milestone_item milestone_item_833\"><div class=\"milestone_row cf\"><div class=\"milestone-col milestone-col-date\"><div class=\"ie-flexbox-fixer\"><div class=\"milestone-date-wrapper\"><div class=\"milestone-date-entry\"><span class='milestoneMonth'>Mai <\/span><span class='milestoneDay'>10 <\/span><span class='milestoneYear'>2016<\/span><\/div><\/div><\/div><\/div><div class=\"milestone-col milestone-col-details\"><div class=\"milestone-inner-col milestone-col-header\"><div class=\"milestone-header\"><h2 class=\"milestone-title\">Approbation du cadre d\u2019engagement du public<\/h2><\/div><\/div><div class=\"milestone-inner-col milestone-description\"><div class=\"milestone-entry\"><p>Le conseil d\u2019administration de la Biblioth\u00e8que publique d\u2019Ottawa approuve\u00a0<a href=\"http:\/\/app05.ottawa.ca\/sirepub\/mtgviewer.aspx?meetid=6781&amp;doctype=summary&amp;itemid=346754\" target=\"_blank\" rel=\"noopener noreferrer\">le cadre d\u2019engagement du public<\/a>\u00a0pour la Biblioth\u00e8que centrale.<\/p>\n<\/div><\/div><\/div><\/div><\/div><div class=\"milestone_item milestone_item_832\"><div class=\"milestone_row cf\"><div class=\"milestone-col milestone-col-date\"><div class=\"ie-flexbox-fixer\"><div class=\"milestone-date-wrapper\"><div class=\"milestone-date-entry\"><span class='milestoneMonth'>Jan <\/span><span class='milestoneDay'>12 <\/span><span class='milestoneYear'>2016<\/span><\/div><\/div><\/div><\/div><div class=\"milestone-col milestone-col-details\"><div class=\"milestone-inner-col milestone-col-header\"><div class=\"milestone-header\"><h2 class=\"milestone-title\">Partenariat avec Biblioth\u00e8que et Archives Canada<\/h2><\/div><\/div><div class=\"milestone-inner-col milestone-description\"><div class=\"milestone-entry\"><p>La Biblioth\u00e8que publique d\u2019Ottawa explore l\u2019id\u00e9e d\u2019un partenariat avec Biblioth\u00e8que et Archives Canada afin de concevoir la Biblioth\u00e8que centrale.<\/p>\n<\/div><\/div><\/div><\/div><\/div><div class=\"milestone_item milestone_item_834\"><div class=\"milestone_row cf\"><div class=\"milestone-col milestone-col-date\"><div class=\"ie-flexbox-fixer\"><div class=\"milestone-date-wrapper\"><div class=\"milestone-date-entry\"><span class='milestoneMonth'>Juil <\/span><span class='milestoneDay'>08 <\/span><span class='milestoneYear'>2015<\/span><\/div><\/div><\/div><\/div><div class=\"milestone-col milestone-col-details\"><div class=\"milestone-inner-col milestone-col-header\"><div class=\"milestone-header\"><h2 class=\"milestone-title\">La Biblioth\u00e8que centrale approuv\u00e9 comme priorit\u00e9 strat\u00e9gique<\/h2><\/div><\/div><div class=\"milestone-inner-col milestone-description\"><div class=\"milestone-entry\"><p>Le Conseil municipal\u00a0<a href=\"https:\/\/biblioottawalibrary.ca\/fr\/node\/24570\" target=\"_blank\" rel=\"noopener noreferrer\">approuve<\/a>\u00a0le projet de Biblioth\u00e8que centrale en tant qu\u2019initiative strat\u00e9gique du mandat 2015\u20112018 du Conseil.<\/p>\n<\/div><\/div><\/div><\/div><\/div><div class=\"milestone_item milestone_item_835\"><div class=\"milestone_row cf\"><div class=\"milestone-col milestone-col-date\"><div class=\"ie-flexbox-fixer\"><div class=\"milestone-date-wrapper\"><div class=\"milestone-date-entry\"><span class='milestoneMonth'>Juin <\/span><span class='milestoneDay'>09 <\/span><span class='milestoneYear'>2015<\/span><\/div><\/div><\/div><\/div><div class=\"milestone-col milestone-col-details\"><div class=\"milestone-inner-col milestone-col-header\"><div class=\"milestone-header\"><h2 class=\"milestone-title\">Nouvelle Biblioth\u00e8que centrale approuv\u00e9<\/h2><\/div><\/div><div class=\"milestone-inner-col milestone-description\"><div class=\"milestone-entry\"><p>Le Conseil des biblioth\u00e8ques publiques d\u2019Ottawa\u00a0<a href=\"http:\/\/app05.ottawa.ca\/sirepub_fr\/cache\/2\/3wjzfh4vu0bmk5llzsm5h2jy\/655612132018113754949.pdf\" target=\"_blank\" rel=\"noopener noreferrer\">approuve<\/a>\u00a0l\u2019option d\u2019une nouvelle Biblioth\u00e8que centrale sur 132 000 pieds carr\u00e9s de superficie.<\/p>\n<\/div><\/div><\/div><\/div><\/div><div class=\"milestone_item milestone_item_836\"><div class=\"milestone_row cf\"><div class=\"milestone-col milestone-col-date\"><div class=\"ie-flexbox-fixer\"><div class=\"milestone-date-wrapper\"><div class=\"milestone-date-entry\"><span class='milestoneMonth'>Mai <\/span><span class='milestoneDay'>14 <\/span><span class='milestoneYear'>2012<\/span><\/div><\/div><\/div><\/div><div class=\"milestone-col milestone-col-details\"><div class=\"milestone-inner-col milestone-col-header\"><div class=\"milestone-header\"><h2 class=\"milestone-title\">La r\u00e9novation de la Biblioth\u00e8que Centrale est d\u00e9sign\u00e9e comme principale priorit\u00e9<\/h2><\/div><\/div><div class=\"milestone-inner-col milestone-description\"><div class=\"milestone-entry\"><p>Le Conseil des biblioth\u00e8ques publiques d\u2019Ottawa\u00a0<a href=\"http:\/\/inspire555.ca\/wp-content\/uploads\/2020\/01\/Doc-2-Facilities-Planning-Committee-Report.pdf\" target=\"_blank\" rel=\"noopener noreferrer\">approuve<\/a>\u00a0le projet de Biblioth\u00e8que centrale comme priorit\u00e9 strat\u00e9gique (en anglais seulement).<\/p>\n<\/div><\/div><\/div><\/div><\/div><\/div>\n","protected":false},"excerpt":{"rendered":"","protected":false},"author":1,"featured_media":0,"parent":0,"menu_order":0,"comment_status":"closed","ping_status":"closed","template":"page-basic-template.php","meta":{"footnotes":""},"acf":[],"yoast_head":"<!-- This site is optimized with the Yoast SEO plugin v24.5 - https:\/\/yoast.com\/wordpress\/plugins\/seo\/ -->\n<title>Les \u00e9tapes - Installation partag\u00e9e de la Biblioth\u00e8que publique d\u2019Ottawa et de Biblioth\u00e8que et Archives Canada<\/title>\n<meta name=\"description\" content=\"Grandes \u00e9tapes\" \/>\n<meta name=\"robots\" content=\"index, follow, max-snippet:-1, max-image-preview:large, max-video-preview:-1\" \/>\n<link rel=\"canonical\" href=\"https:\/\/inspire555.ca\/fr\/bibliotheque-archives-grandes-etapes\/\" \/>\n<meta property=\"og:locale\" content=\"fr_FR\" \/>\n<meta property=\"og:type\" content=\"article\" \/>\n<meta property=\"og:title\" content=\"Les \u00e9tapes - Installation partag\u00e9e de la Biblioth\u00e8que publique d\u2019Ottawa et de Biblioth\u00e8que et Archives Canada\" \/>\n<meta property=\"og:description\" content=\"Grandes \u00e9tapes\" \/>\n<meta property=\"og:url\" content=\"https:\/\/inspire555.ca\/fr\/bibliotheque-archives-grandes-etapes\/\" \/>\n<meta property=\"og:site_name\" content=\"Installation partag\u00e9e de la Biblioth\u00e8que publique d\u2019Ottawa et de Biblioth\u00e8que et Archives Canada\" \/>\n<meta property=\"article:modified_time\" content=\"2021-05-10T15:05:02+00:00\" \/>\n<meta name=\"twitter:card\" content=\"summary_large_image\" \/>\n<script type=\"application\/ld+json\" class=\"yoast-schema-graph\">{\"@context\":\"https:\/\/schema.org\",\"@graph\":[{\"@type\":\"WebPage\",\"@id\":\"https:\/\/inspire555.ca\/fr\/bibliotheque-archives-grandes-etapes\/\",\"url\":\"https:\/\/inspire555.ca\/fr\/bibliotheque-archives-grandes-etapes\/\",\"name\":\"Les \u00e9tapes - Installation partag\u00e9e de la Biblioth\u00e8que publique d\u2019Ottawa et de Biblioth\u00e8que et Archives Canada\",\"isPartOf\":{\"@id\":\"https:\/\/inspire555.ca\/#website\"},\"datePublished\":\"2020-01-15T15:43:07+00:00\",\"dateModified\":\"2021-05-10T15:05:02+00:00\",\"description\":\"Grandes \u00e9tapes\",\"breadcrumb\":{\"@id\":\"https:\/\/inspire555.ca\/fr\/bibliotheque-archives-grandes-etapes\/#breadcrumb\"},\"inLanguage\":\"fr-FR\",\"potentialAction\":[{\"@type\":\"ReadAction\",\"target\":[\"https:\/\/inspire555.ca\/fr\/bibliotheque-archives-grandes-etapes\/\"]}]},{\"@type\":\"BreadcrumbList\",\"@id\":\"https:\/\/inspire555.ca\/fr\/bibliotheque-archives-grandes-etapes\/#breadcrumb\",\"itemListElement\":[{\"@type\":\"ListItem\",\"position\":1,\"name\":\"Home\",\"item\":\"https:\/\/inspire555.ca\/fr\/\"},{\"@type\":\"ListItem\",\"position\":2,\"name\":\"Les \u00e9tapes\"}]},{\"@type\":\"WebSite\",\"@id\":\"https:\/\/inspire555.ca\/#website\",\"url\":\"https:\/\/inspire555.ca\/\",\"name\":\"Installation partag\u00e9e de la Biblioth\u00e8que publique d\u2019Ottawa et de Biblioth\u00e8que et Archives Canada\",\"description\":\"\",\"potentialAction\":[{\"@type\":\"SearchAction\",\"target\":{\"@type\":\"EntryPoint\",\"urlTemplate\":\"https:\/\/inspire555.ca\/?s={search_term_string}\"},\"query-input\":{\"@type\":\"PropertyValueSpecification\",\"valueRequired\":true,\"valueName\":\"search_term_string\"}}],\"inLanguage\":\"fr-FR\"}]}<\/script>\n<!-- \/ Yoast SEO plugin. -->","yoast_head_json":{"title":"Les \u00e9tapes - Installation partag\u00e9e de la Biblioth\u00e8que publique d\u2019Ottawa et de Biblioth\u00e8que et Archives Canada","description":"Grandes \u00e9tapes","robots":{"index":"index","follow":"follow","max-snippet":"max-snippet:-1","max-image-preview":"max-image-preview:large","max-video-preview":"max-video-preview:-1"},"canonical":"https:\/\/inspire555.ca\/fr\/bibliotheque-archives-grandes-etapes\/","og_locale":"fr_FR","og_type":"article","og_title":"Les \u00e9tapes - Installation partag\u00e9e de la Biblioth\u00e8que publique d\u2019Ottawa et de Biblioth\u00e8que et Archives Canada","og_description":"Grandes \u00e9tapes","og_url":"https:\/\/inspire555.ca\/fr\/bibliotheque-archives-grandes-etapes\/","og_site_name":"Installation partag\u00e9e de la Biblioth\u00e8que publique d\u2019Ottawa et de Biblioth\u00e8que et Archives Canada","article_modified_time":"2021-05-10T15:05:02+00:00","twitter_card":"summary_large_image","schema":{"@context":"https:\/\/schema.org","@graph":[{"@type":"WebPage","@id":"https:\/\/inspire555.ca\/fr\/bibliotheque-archives-grandes-etapes\/","url":"https:\/\/inspire555.ca\/fr\/bibliotheque-archives-grandes-etapes\/","name":"Les \u00e9tapes - Installation partag\u00e9e de la Biblioth\u00e8que publique d\u2019Ottawa et de Biblioth\u00e8que et Archives Canada","isPartOf":{"@id":"https:\/\/inspire555.ca\/#website"},"datePublished":"2020-01-15T15:43:07+00:00","dateModified":"2021-05-10T15:05:02+00:00","description":"Grandes \u00e9tapes","breadcrumb":{"@id":"https:\/\/inspire555.ca\/fr\/bibliotheque-archives-grandes-etapes\/#breadcrumb"},"inLanguage":"fr-FR","potentialAction":[{"@type":"ReadAction","target":["https:\/\/inspire555.ca\/fr\/bibliotheque-archives-grandes-etapes\/"]}]},{"@type":"BreadcrumbList","@id":"https:\/\/inspire555.ca\/fr\/bibliotheque-archives-grandes-etapes\/#breadcrumb","itemListElement":[{"@type":"ListItem","position":1,"name":"Home","item":"https:\/\/inspire555.ca\/fr\/"},{"@type":"ListItem","position":2,"name":"Les \u00e9tapes"}]},{"@type":"WebSite","@id":"https:\/\/inspire555.ca\/#website","url":"https:\/\/inspire555.ca\/","name":"Installation partag\u00e9e de la Biblioth\u00e8que publique d\u2019Ottawa et de Biblioth\u00e8que et Archives Canada","description":"","potentialAction":[{"@type":"SearchAction","target":{"@type":"EntryPoint","urlTemplate":"https:\/\/inspire555.ca\/?s={search_term_string}"},"query-input":{"@type":"PropertyValueSpecification","valueRequired":true,"valueName":"search_term_string"}}],"inLanguage":"fr-FR"}]}},"_links":{"self":[{"href":"https:\/\/inspire555.ca\/fr\/wp-json\/wp\/v2\/pages\/512"}],"collection":[{"href":"https:\/\/inspire555.ca\/fr\/wp-json\/wp\/v2\/pages"}],"about":[{"href":"https:\/\/inspire555.ca\/fr\/wp-json\/wp\/v2\/types\/page"}],"author":[{"embeddable":true,"href":"https:\/\/inspire555.ca\/fr\/wp-json\/wp\/v2\/users\/1"}],"replies":[{"embeddable":true,"href":"https:\/\/inspire555.ca\/fr\/wp-json\/wp\/v2\/comments?post=512"}],"version-history":[{"count":7,"href":"https:\/\/inspire555.ca\/fr\/wp-json\/wp\/v2\/pages\/512\/revisions"}],"predecessor-version":[{"id":2071,"href":"https:\/\/inspire555.ca\/fr\/wp-json\/wp\/v2\/pages\/512\/revisions\/2071"}],"wp:attachment":[{"href":"https:\/\/inspire555.ca\/fr\/wp-json\/wp\/v2\/media?parent=512"}],"curies":[{"name":"wp","href":"https:\/\/api.w.org\/{rel}","templated":true}]}}