{"id":1918,"date":"2021-02-17T14:11:01","date_gmt":"2021-02-17T19:11:01","guid":{"rendered":"https:\/\/inspire555.ca\/?page_id=1918"},"modified":"2022-10-31T16:02:37","modified_gmt":"2022-10-31T20:02:37","slug":"programme-dart-public-autochtone","status":"publish","type":"page","link":"https:\/\/inspire555.ca\/fr\/programme-dart-public-autochtone\/","title":{"rendered":"Le Programme d\u2019art public autochtone"},"content":{"rendered":"<h2>Programme d\u2019art public autochtone<\/h2>\n<p>Le Programme d\u2019art public autochtone d\u2019\u0100dis\u014dke viendra saluer, promouvoir et mettre en vitrine les \u0153uvres d\u2019art autochtones cr\u00e9\u00e9es par des artistes autochtones au Canada. Ce programme int\u00e9grera les \u0153uvres d\u2019art public autochtones r\u00e9alis\u00e9es par des artistes autochtones de la localit\u00e9, de la r\u00e9gion et de l\u2019ensemble du pays (Premi\u00e8res Nations et nations inuite et m\u00e9tisse) partout \u00e0 l\u2019int\u00e9rieur comme \u00e0 l\u2019ext\u00e9rieur de l\u2019installation.<\/p>\n<p>L\u2019art autochtone sera int\u00e9gr\u00e9 dans l\u2019installation afin de cr\u00e9er un espace accueillant et inclusif repr\u00e9sentant la vigueur, les traditions et la modernit\u00e9 des \u0153uvres des artistes autochtones. De concert avec les partenaires du projet et le Programme d\u2019art public de la Ville d\u2019Ottawa, Dawn Saunders Dahl, conservatrice des arts autochtones pour l\u2019installation, a \u00e9labor\u00e9 cinq appels d\u2019offres d\u2019art public pour les artistes autochtones.<\/p>\n<p>Pour en savoir plus, veuillez consulter la <a href=\"https:\/\/ottawa.ca\/fr\/arts-patrimoine-et-evenements\/financement-soumissions-et-occasions\/soumissions-et-occasions-dans-le-domaine-de-la-culture\/soumissions-et-occasions-programme-dart-public\">page Web<\/a> du Programme d\u2019art public.<\/p>\n<p><img loading=\"lazy\" decoding=\"async\" class=\"aligncenter size-full wp-image-1921\" src=\"https:\/\/inspire555.ca\/wp-content\/uploads\/2021\/02\/L2-Childre-Storytime-House.jpg\" alt=\"\" width=\"900\" height=\"506\" srcset=\"https:\/\/inspire555.ca\/wp-content\/uploads\/2021\/02\/L2-Childre-Storytime-House.jpg 900w, https:\/\/inspire555.ca\/wp-content\/uploads\/2021\/02\/L2-Childre-Storytime-House-300x169.jpg 300w, https:\/\/inspire555.ca\/wp-content\/uploads\/2021\/02\/L2-Childre-Storytime-House-768x432.jpg 768w\" sizes=\"(max-width: 900px) 100vw, 900px\" \/><\/p>\n<h2>Dawn Saunders Dahl, conservatrice des arts autochtones<\/h2>\n<p>Depuis 2008, <a href=\"https:\/\/www.dawnsaundersdahl.ca\/\" target=\"_blank\" rel=\"noopener\">Dawn Saunders Dahl<\/a> collabore activement avec les communaut\u00e9s artistiques autochtones de l\u2019Alberta dans le cadre de possibilit\u00e9s d\u2019art public ainsi que d\u2019expositions, de projets et d\u2019\u00e9v\u00e9nements artistiques. Apr\u00e8s avoir consacr\u00e9 du temps \u00e0 la recherche de ses archives familiales dans la nation m\u00e9tisse de l\u2019Alberta et aux archives de Winnipeg et particip\u00e9 aux derni\u00e8res activit\u00e9s de la Commission de v\u00e9rit\u00e9 et de r\u00e9conciliation du Canada \u00e0 Edmonton, son travail administratif s\u2019est transform\u00e9, pour mieux conna\u00eetre ses origines, s\u2019occuper du territoire et transmettre des enseignements. Ces enseignements des a\u00een\u00e9s et des membres de la communaut\u00e9 l\u2019encouragent et guident son travail et ses points de vue. D\u2019origine m\u00e9tisse (Red River) et europ\u00e9enne, elle est honor\u00e9e d\u2019avoir h\u00e9rit\u00e9 du nom \u00c2ba Th\u00e2 W\u00eey\u00e2, qui signifie \u00ab\u00a0la lumi\u00e8re du jour\u00a0\u00bb (<em>the dawn<\/em>, en anglais) en Stoney Nakoda.<\/p>\n<p>Dawn Saunders Dahl a mis au point des projets comme le Programme d\u2019art autochtone dans le cadre du festival The Works Art &amp; Design Festival (2009-2013), le parc des arts autochtones \u00e0 Edmonton (2013 2015) et des festivit\u00e9s de la Journ\u00e9e nationale des peuples autochtones \u00e0 Canmore (2016-2019). Elle travaille actuellement au Mus\u00e9e Whyte des Rocheuses canadiennes, o\u00f9 elle cr\u00e9e des postes et des programmes dirig\u00e9s par des Autochtones. Elle si\u00e8ge aussi au conseil d\u2019administration de l\u2019Alberta Craft Council et fait partie du Moh\u2019kinsstis Public Art Guiding Circle de la Ville de Calgary, o\u00f9 elle s\u2019assure que les artistes autochtones peuvent s\u2019exprimer.<\/p>\n","protected":false},"excerpt":{"rendered":"<p>Programme d\u2019art public autochtone Le Programme d\u2019art public autochtone d\u2019\u0100dis\u014dke viendra saluer, promouvoir et mettre en vitrine les \u0153uvres d\u2019art autochtones cr\u00e9\u00e9es par des artistes autochtones au Canada. Ce programme int\u00e9grera les \u0153uvres d\u2019art public autochtones r\u00e9alis\u00e9es par des artistes autochtones de la localit\u00e9, de la r\u00e9gion et de l\u2019ensemble du pays (Premi\u00e8res Nations et&#8230;<\/p>\n","protected":false},"author":1,"featured_media":0,"parent":0,"menu_order":0,"comment_status":"closed","ping_status":"closed","template":"page-basic-template.php","meta":{"footnotes":""},"acf":[],"yoast_head":"<!-- This site is optimized with the Yoast SEO plugin v24.5 - https:\/\/yoast.com\/wordpress\/plugins\/seo\/ -->\n<title>Le Programme d\u2019art public autochtone - Installation partag\u00e9e de la Biblioth\u00e8que publique d\u2019Ottawa et de Biblioth\u00e8que et Archives Canada<\/title>\n<meta name=\"robots\" content=\"index, follow, max-snippet:-1, max-image-preview:large, max-video-preview:-1\" \/>\n<link rel=\"canonical\" href=\"https:\/\/inspire555.ca\/fr\/programme-dart-public-autochtone\/\" \/>\n<meta property=\"og:locale\" content=\"fr_FR\" \/>\n<meta property=\"og:type\" content=\"article\" \/>\n<meta property=\"og:title\" content=\"Le Programme d\u2019art public autochtone - Installation partag\u00e9e de la Biblioth\u00e8que publique d\u2019Ottawa et de Biblioth\u00e8que et Archives Canada\" \/>\n<meta property=\"og:description\" content=\"Programme d\u2019art public autochtone Le Programme d\u2019art public autochtone d\u2019\u0100dis\u014dke viendra saluer, promouvoir et mettre en vitrine les \u0153uvres d\u2019art autochtones cr\u00e9\u00e9es par des artistes autochtones au Canada. Ce programme int\u00e9grera les \u0153uvres d\u2019art public autochtones r\u00e9alis\u00e9es par des artistes autochtones de la localit\u00e9, de la r\u00e9gion et de l\u2019ensemble du pays (Premi\u00e8res Nations et...\" \/>\n<meta property=\"og:url\" content=\"https:\/\/inspire555.ca\/fr\/programme-dart-public-autochtone\/\" \/>\n<meta property=\"og:site_name\" content=\"Installation partag\u00e9e de la Biblioth\u00e8que publique d\u2019Ottawa et de Biblioth\u00e8que et Archives Canada\" \/>\n<meta property=\"article:modified_time\" content=\"2022-10-31T20:02:37+00:00\" \/>\n<meta property=\"og:image\" content=\"https:\/\/inspire555.ca\/wp-content\/uploads\/2021\/02\/L2-Childre-Storytime-House.jpg\" \/>\n<meta name=\"twitter:card\" content=\"summary_large_image\" \/>\n<meta name=\"twitter:label1\" content=\"Dur\u00e9e de lecture estim\u00e9e\" \/>\n\t<meta name=\"twitter:data1\" content=\"2 minutes\" \/>\n<script type=\"application\/ld+json\" class=\"yoast-schema-graph\">{\"@context\":\"https:\/\/schema.org\",\"@graph\":[{\"@type\":\"WebPage\",\"@id\":\"https:\/\/inspire555.ca\/fr\/programme-dart-public-autochtone\/\",\"url\":\"https:\/\/inspire555.ca\/fr\/programme-dart-public-autochtone\/\",\"name\":\"Le Programme d\u2019art public autochtone - Installation partag\u00e9e de la Biblioth\u00e8que publique d\u2019Ottawa et de Biblioth\u00e8que et Archives Canada\",\"isPartOf\":{\"@id\":\"https:\/\/inspire555.ca\/#website\"},\"primaryImageOfPage\":{\"@id\":\"https:\/\/inspire555.ca\/fr\/programme-dart-public-autochtone\/#primaryimage\"},\"image\":{\"@id\":\"https:\/\/inspire555.ca\/fr\/programme-dart-public-autochtone\/#primaryimage\"},\"thumbnailUrl\":\"https:\/\/inspire555.ca\/wp-content\/uploads\/2021\/02\/L2-Childre-Storytime-House.jpg\",\"datePublished\":\"2021-02-17T19:11:01+00:00\",\"dateModified\":\"2022-10-31T20:02:37+00:00\",\"breadcrumb\":{\"@id\":\"https:\/\/inspire555.ca\/fr\/programme-dart-public-autochtone\/#breadcrumb\"},\"inLanguage\":\"fr-FR\",\"potentialAction\":[{\"@type\":\"ReadAction\",\"target\":[\"https:\/\/inspire555.ca\/fr\/programme-dart-public-autochtone\/\"]}]},{\"@type\":\"ImageObject\",\"inLanguage\":\"fr-FR\",\"@id\":\"https:\/\/inspire555.ca\/fr\/programme-dart-public-autochtone\/#primaryimage\",\"url\":\"https:\/\/inspire555.ca\/wp-content\/uploads\/2021\/02\/L2-Childre-Storytime-House.jpg\",\"contentUrl\":\"https:\/\/inspire555.ca\/wp-content\/uploads\/2021\/02\/L2-Childre-Storytime-House.jpg\"},{\"@type\":\"BreadcrumbList\",\"@id\":\"https:\/\/inspire555.ca\/fr\/programme-dart-public-autochtone\/#breadcrumb\",\"itemListElement\":[{\"@type\":\"ListItem\",\"position\":1,\"name\":\"Home\",\"item\":\"https:\/\/inspire555.ca\/fr\/\"},{\"@type\":\"ListItem\",\"position\":2,\"name\":\"Le Programme d\u2019art public autochtone\"}]},{\"@type\":\"WebSite\",\"@id\":\"https:\/\/inspire555.ca\/#website\",\"url\":\"https:\/\/inspire555.ca\/\",\"name\":\"Installation partag\u00e9e de la Biblioth\u00e8que publique d\u2019Ottawa et de Biblioth\u00e8que et Archives Canada\",\"description\":\"\",\"potentialAction\":[{\"@type\":\"SearchAction\",\"target\":{\"@type\":\"EntryPoint\",\"urlTemplate\":\"https:\/\/inspire555.ca\/?s={search_term_string}\"},\"query-input\":{\"@type\":\"PropertyValueSpecification\",\"valueRequired\":true,\"valueName\":\"search_term_string\"}}],\"inLanguage\":\"fr-FR\"}]}<\/script>\n<!-- \/ Yoast SEO plugin. -->","yoast_head_json":{"title":"Le Programme d\u2019art public autochtone - Installation partag\u00e9e de la Biblioth\u00e8que publique d\u2019Ottawa et de Biblioth\u00e8que et Archives Canada","robots":{"index":"index","follow":"follow","max-snippet":"max-snippet:-1","max-image-preview":"max-image-preview:large","max-video-preview":"max-video-preview:-1"},"canonical":"https:\/\/inspire555.ca\/fr\/programme-dart-public-autochtone\/","og_locale":"fr_FR","og_type":"article","og_title":"Le Programme d\u2019art public autochtone - Installation partag\u00e9e de la Biblioth\u00e8que publique d\u2019Ottawa et de Biblioth\u00e8que et Archives Canada","og_description":"Programme d\u2019art public autochtone Le Programme d\u2019art public autochtone d\u2019\u0100dis\u014dke viendra saluer, promouvoir et mettre en vitrine les \u0153uvres d\u2019art autochtones cr\u00e9\u00e9es par des artistes autochtones au Canada. Ce programme int\u00e9grera les \u0153uvres d\u2019art public autochtones r\u00e9alis\u00e9es par des artistes autochtones de la localit\u00e9, de la r\u00e9gion et de l\u2019ensemble du pays (Premi\u00e8res Nations et...","og_url":"https:\/\/inspire555.ca\/fr\/programme-dart-public-autochtone\/","og_site_name":"Installation partag\u00e9e de la Biblioth\u00e8que publique d\u2019Ottawa et de Biblioth\u00e8que et Archives Canada","article_modified_time":"2022-10-31T20:02:37+00:00","og_image":[{"url":"https:\/\/inspire555.ca\/wp-content\/uploads\/2021\/02\/L2-Childre-Storytime-House.jpg","type":"","width":"","height":""}],"twitter_card":"summary_large_image","twitter_misc":{"Dur\u00e9e de lecture estim\u00e9e":"2 minutes"},"schema":{"@context":"https:\/\/schema.org","@graph":[{"@type":"WebPage","@id":"https:\/\/inspire555.ca\/fr\/programme-dart-public-autochtone\/","url":"https:\/\/inspire555.ca\/fr\/programme-dart-public-autochtone\/","name":"Le Programme d\u2019art public autochtone - Installation partag\u00e9e de la Biblioth\u00e8que publique d\u2019Ottawa et de Biblioth\u00e8que et Archives Canada","isPartOf":{"@id":"https:\/\/inspire555.ca\/#website"},"primaryImageOfPage":{"@id":"https:\/\/inspire555.ca\/fr\/programme-dart-public-autochtone\/#primaryimage"},"image":{"@id":"https:\/\/inspire555.ca\/fr\/programme-dart-public-autochtone\/#primaryimage"},"thumbnailUrl":"https:\/\/inspire555.ca\/wp-content\/uploads\/2021\/02\/L2-Childre-Storytime-House.jpg","datePublished":"2021-02-17T19:11:01+00:00","dateModified":"2022-10-31T20:02:37+00:00","breadcrumb":{"@id":"https:\/\/inspire555.ca\/fr\/programme-dart-public-autochtone\/#breadcrumb"},"inLanguage":"fr-FR","potentialAction":[{"@type":"ReadAction","target":["https:\/\/inspire555.ca\/fr\/programme-dart-public-autochtone\/"]}]},{"@type":"ImageObject","inLanguage":"fr-FR","@id":"https:\/\/inspire555.ca\/fr\/programme-dart-public-autochtone\/#primaryimage","url":"https:\/\/inspire555.ca\/wp-content\/uploads\/2021\/02\/L2-Childre-Storytime-House.jpg","contentUrl":"https:\/\/inspire555.ca\/wp-content\/uploads\/2021\/02\/L2-Childre-Storytime-House.jpg"},{"@type":"BreadcrumbList","@id":"https:\/\/inspire555.ca\/fr\/programme-dart-public-autochtone\/#breadcrumb","itemListElement":[{"@type":"ListItem","position":1,"name":"Home","item":"https:\/\/inspire555.ca\/fr\/"},{"@type":"ListItem","position":2,"name":"Le Programme d\u2019art public autochtone"}]},{"@type":"WebSite","@id":"https:\/\/inspire555.ca\/#website","url":"https:\/\/inspire555.ca\/","name":"Installation partag\u00e9e de la Biblioth\u00e8que publique d\u2019Ottawa et de Biblioth\u00e8que et Archives Canada","description":"","potentialAction":[{"@type":"SearchAction","target":{"@type":"EntryPoint","urlTemplate":"https:\/\/inspire555.ca\/?s={search_term_string}"},"query-input":{"@type":"PropertyValueSpecification","valueRequired":true,"valueName":"search_term_string"}}],"inLanguage":"fr-FR"}]}},"_links":{"self":[{"href":"https:\/\/inspire555.ca\/fr\/wp-json\/wp\/v2\/pages\/1918"}],"collection":[{"href":"https:\/\/inspire555.ca\/fr\/wp-json\/wp\/v2\/pages"}],"about":[{"href":"https:\/\/inspire555.ca\/fr\/wp-json\/wp\/v2\/types\/page"}],"author":[{"embeddable":true,"href":"https:\/\/inspire555.ca\/fr\/wp-json\/wp\/v2\/users\/1"}],"replies":[{"embeddable":true,"href":"https:\/\/inspire555.ca\/fr\/wp-json\/wp\/v2\/comments?post=1918"}],"version-history":[{"count":11,"href":"https:\/\/inspire555.ca\/fr\/wp-json\/wp\/v2\/pages\/1918\/revisions"}],"predecessor-version":[{"id":2651,"href":"https:\/\/inspire555.ca\/fr\/wp-json\/wp\/v2\/pages\/1918\/revisions\/2651"}],"wp:attachment":[{"href":"https:\/\/inspire555.ca\/fr\/wp-json\/wp\/v2\/media?parent=1918"}],"curies":[{"name":"wp","href":"https:\/\/api.w.org\/{rel}","templated":true}]}}